{"id":46,"date":"2017-07-24T08:59:04","date_gmt":"2017-07-24T08:59:04","guid":{"rendered":"http:\/\/psicologiacolmenar.es\/psicologo\/?page_id=46"},"modified":"2022-11-25T08:55:52","modified_gmt":"2022-11-25T08:55:52","slug":"tarifas-precio-psicologo-en-colmenar-gabinete-de-psicologia-colmenar-viejo-madrid","status":"publish","type":"page","link":"https:\/\/www.psicologiacolmenar.es\/psicologo\/tarifas-precio-psicologo-en-colmenar-gabinete-de-psicologia-colmenar-viejo-madrid\/","title":{"rendered":"Tarifas Precio psicologo en Colmenar gabinete de psicolog\u00eda Colmenar viejo Madrid"},"content":{"rendered":"<p>[et_pb_section fb_built=\u00bb1&#8243; fullwidth=\u00bbon\u00bb _builder_version=\u00bb4.16&#8243; global_colors_info=\u00bb{}\u00bb][et_pb_fullwidth_header title=\u00bbTARIFAS\u00bb background_overlay_color=\u00bbrgba(37,91,125,0.2)\u00bb _builder_version=\u00bb4.16&#8243; background_color=\u00bbrgba(255, 255, 255, 0)\u00bb background_image=\u00bbhttps:\/\/psicologiacolmenar.es\/psicologo\/wp-content\/uploads\/2017\/07\/tarifas-precios-pasicologo-en-colmenar-viejo-madrid.jpg\u00bb global_colors_info=\u00bb{}\u00bb button_one_text_size__hover_enabled=\u00bboff\u00bb button_two_text_size__hover_enabled=\u00bboff\u00bb button_one_text_color__hover_enabled=\u00bboff\u00bb button_two_text_color__hover_enabled=\u00bboff\u00bb button_one_border_width__hover_enabled=\u00bboff\u00bb button_two_border_width__hover_enabled=\u00bboff\u00bb button_one_border_color__hover_enabled=\u00bboff\u00bb button_two_border_color__hover_enabled=\u00bboff\u00bb button_one_border_radius__hover_enabled=\u00bboff\u00bb button_two_border_radius__hover_enabled=\u00bboff\u00bb button_one_letter_spacing__hover_enabled=\u00bboff\u00bb button_two_letter_spacing__hover_enabled=\u00bboff\u00bb button_one_bg_color__hover_enabled=\u00bboff\u00bb button_two_bg_color__hover_enabled=\u00bboff\u00bb][\/et_pb_fullwidth_header][\/et_pb_section][et_pb_section fb_built=\u00bb1&#8243; make_equal=\u00bbon\u00bb use_custom_gutter=\u00bbon\u00bb gutter_width=\u00bb1&#8243; specialty=\u00bbon\u00bb background_color_2=\u00bb#255b7d\u00bb background_repeat_1=\u00bbno-repeat\u00bb background_repeat_2=\u00bbno-repeat\u00bb background_position_1=\u00bbtop_left\u00bb background_position_2=\u00bbtop_left\u00bb padding_top_1=\u00bb40px\u00bb padding_right_1=\u00bb20px\u00bb padding_right_2=\u00bb20px\u00bb padding_bottom_1=\u00bb40px\u00bb padding_left_1=\u00bb20px\u00bb padding_left_2=\u00bb20px\u00bb custom_css_main_2=\u00bb-webkit-clip-path: polygon(100% 0, 100% 94%, 15% 100%, 0 94%, 0 0);||clip-path: polygon(100% 0, 100% 94%, 15% 100%, 0 94%, 0 0);\u00bb _builder_version=\u00bb4.16&#8243; custom_padding=\u00bb0px|||\u00bb global_colors_info=\u00bb{}\u00bb][et_pb_column type=\u00bb1_2&#8243; _builder_version=\u00bb4.16&#8243; background_position=\u00bbtop_left\u00bb custom_padding=\u00bb|||\u00bb global_colors_info=\u00bb{}\u00bb custom_padding__hover=\u00bb|||\u00bb][et_pb_text _builder_version=\u00bb4.18.0&#8243; custom_margin=\u00bb||10px|\u00bb hover_enabled=\u00bb0&#8243; global_colors_info=\u00bb{}\u00bb sticky_enabled=\u00bb0&#8243;]<\/p>\n<h4 style=\"text-align: center;\">Primera consulta informativa (20&#8242;)<\/h4>\n<h3 style=\"text-align: center;\">Gratuita<\/h3>\n<p>[\/et_pb_text][et_pb_divider divider_weight=\u00bb3&#8243; _builder_version=\u00bb4.16&#8243; custom_css_main_element=\u00bbmax-width:150px;||margin:0 auto!important;\u00bb hide_on_mobile=\u00bboff\u00bb global_colors_info=\u00bb{}\u00bb][\/et_pb_divider][et_pb_text _builder_version=\u00bb4.16&#8243; custom_margin=\u00bb||10px|\u00bb global_colors_info=\u00bb{}\u00bb]<\/p>\n<h4 style=\"text-align: center;\">Sesi\u00f3n individual<\/h4>\n<h3 style=\"text-align: center;\">60 \u20ac<\/h3>\n<p>[\/et_pb_text][et_pb_divider divider_weight=\u00bb3&#8243; _builder_version=\u00bb4.16&#8243; custom_css_main_element=\u00bbmax-width:150px;||margin:0 auto!important;\u00bb hide_on_mobile=\u00bboff\u00bb global_colors_info=\u00bb{}\u00bb][\/et_pb_divider][et_pb_text _builder_version=\u00bb4.16&#8243; custom_margin=\u00bb||10px|\u00bb global_colors_info=\u00bb{}\u00bb]<\/p>\n<h4 style=\"text-align: center;\">Bono 4 sesiones individuales<\/h4>\n<h3 style=\"text-align: center;\">220 \u20ac<\/h3>\n<p>[\/et_pb_text][et_pb_divider divider_weight=\u00bb3&#8243; _builder_version=\u00bb4.16&#8243; custom_css_main_element=\u00bbmax-width:150px;||margin:0 auto!important;\u00bb hide_on_mobile=\u00bboff\u00bb global_colors_info=\u00bb{}\u00bb][\/et_pb_divider][et_pb_text _builder_version=\u00bb4.16&#8243; custom_margin=\u00bb||10px|\u00bb global_colors_info=\u00bb{}\u00bb]<\/p>\n<h4 style=\"text-align: center;\">Sesi\u00f3n ni\u00f1os hasta 12 a\u00f1os<\/h4>\n<h3 style=\"text-align: center;\">55 \u20ac<\/h3>\n<p>[\/et_pb_text][et_pb_divider divider_weight=\u00bb3&#8243; _builder_version=\u00bb4.16&#8243; custom_css_main_element=\u00bbmax-width:150px;||margin:0 auto!important;\u00bb hide_on_mobile=\u00bboff\u00bb global_colors_info=\u00bb{}\u00bb][\/et_pb_divider][et_pb_text _builder_version=\u00bb4.16&#8243; custom_margin=\u00bb||10px|\u00bb global_colors_info=\u00bb{}\u00bb]<\/p>\n<h4 style=\"text-align: center;\">Bono 4 sesiones ni\u00f1os hasta 12 a\u00f1os<\/h4>\n<h3 style=\"text-align: center;\">200 \u20ac<\/h3>\n<p>[\/et_pb_text][et_pb_divider divider_weight=\u00bb3&#8243; _builder_version=\u00bb4.16&#8243; custom_css_main_element=\u00bbmax-width:150px;||margin:0 auto!important;\u00bb hide_on_mobile=\u00bboff\u00bb global_colors_info=\u00bb{}\u00bb][\/et_pb_divider][et_pb_text _builder_version=\u00bb4.16&#8243; custom_margin=\u00bb||10px|\u00bb global_colors_info=\u00bb{}\u00bb]<\/p>\n<h4 style=\"text-align: center;\">Sesi\u00f3n pareja<\/h4>\n<h3 style=\"text-align: center;\">75 \u20ac<\/h3>\n<p>[\/et_pb_text][et_pb_divider divider_weight=\u00bb3&#8243; _builder_version=\u00bb4.16&#8243; custom_css_main_element=\u00bbmax-width:150px;||margin:0 auto!important;\u00bb hide_on_mobile=\u00bboff\u00bb global_colors_info=\u00bb{}\u00bb][\/et_pb_divider][et_pb_text _builder_version=\u00bb4.16&#8243; custom_margin=\u00bb||10px|\u00bb global_colors_info=\u00bb{}\u00bb]<\/p>\n<h4 style=\"text-align: center;\">Bono 4 sesiones pareja<\/h4>\n<h3 style=\"text-align: center;\">280 \u20ac<\/h3>\n<p>[\/et_pb_text][et_pb_divider divider_weight=\u00bb3&#8243; _builder_version=\u00bb4.16&#8243; custom_css_main_element=\u00bbmax-width:150px;||margin:0 auto!important;\u00bb hide_on_mobile=\u00bboff\u00bb global_colors_info=\u00bb{}\u00bb][\/et_pb_divider][et_pb_text _builder_version=\u00bb4.16&#8243; custom_margin=\u00bb||10px|\u00bb global_colors_info=\u00bb{}\u00bb]<\/p>\n<h4 style=\"text-align: center;\">Sesi\u00f3n familia hasta 4 miembros<\/h4>\n<h3 style=\"text-align: center;\">90 \u20ac<\/h3>\n<p>[\/et_pb_text][\/et_pb_column][et_pb_column type=\u00bb1_2&#8243; specialty_columns=\u00bb2&#8243; _builder_version=\u00bb4.16&#8243; background_color=\u00bb#255b7d\u00bb background_position=\u00bbtop_left\u00bb custom_padding=\u00bb|||\u00bb global_colors_info=\u00bb{}\u00bb custom_padding__hover=\u00bb|||\u00bb][et_pb_row_inner admin_label=\u00bbFila\u00bb _builder_version=\u00bb4.16&#8243; custom_padding=\u00bb||0px|\u00bb global_colors_info=\u00bb{}\u00bb][et_pb_column_inner saved_specialty_column_type=\u00bb1_2&#8243; _builder_version=\u00bb4.16&#8243; background_position=\u00bbtop_left\u00bb custom_padding=\u00bb|||\u00bb global_colors_info=\u00bb{}\u00bb custom_padding__hover=\u00bb|||\u00bb][et_pb_text _builder_version=\u00bb4.16&#8243; background_layout=\u00bbdark\u00bb global_colors_info=\u00bb{}\u00bb]<\/p>\n<h2 style=\"text-align: center;\">Evaluaciones psicopedag\u00f3gicas<\/h2>\n<p>[\/et_pb_text][\/et_pb_column_inner][\/et_pb_row_inner][et_pb_row_inner admin_label=\u00bbFila\u00bb _builder_version=\u00bb4.16&#8243; custom_padding=\u00bb||0px|\u00bb global_colors_info=\u00bb{}\u00bb column_structure=\u00bb1_2,1_2&#8243;][et_pb_column_inner type=\u00bb1_2&#8243; saved_specialty_column_type=\u00bb1_2&#8243; _builder_version=\u00bb4.16&#8243; background_position=\u00bbtop_left\u00bb custom_padding=\u00bb|||\u00bb global_colors_info=\u00bb{}\u00bb custom_padding__hover=\u00bb|||\u00bb][et_pb_text _builder_version=\u00bb4.16&#8243; background_layout=\u00bbdark\u00bb custom_margin=\u00bb||10px|\u00bb global_colors_info=\u00bb{}\u00bb]<\/p>\n<h4 style=\"text-align: center;\">Sistema de evaluaci\u00f3n<br \/>Ni\u00f1os y Adolescentes (SENA)<\/h4>\n<h3 style=\"text-align: center;\">200 \u20ac<\/h3>\n<p>[\/et_pb_text][et_pb_divider color=\u00bb#ffffff\u00bb divider_weight=\u00bb3&#8243; _builder_version=\u00bb4.16&#8243; custom_css_main_element=\u00bbmax-width:150px;||margin:0 auto!important;\u00bb hide_on_mobile=\u00bboff\u00bb global_colors_info=\u00bb{}\u00bb][\/et_pb_divider][et_pb_text _builder_version=\u00bb4.16&#8243; background_layout=\u00bbdark\u00bb custom_margin=\u00bb||10px|\u00bb global_colors_info=\u00bb{}\u00bb]<\/p>\n<h4 style=\"text-align: center;\">Evaluaci\u00f3n inteligencia<\/h4>\n<h3 style=\"text-align: center;\">300 \u20ac<\/h3>\n<p>[\/et_pb_text][et_pb_divider color=\u00bb#ffffff\u00bb divider_weight=\u00bb3&#8243; _builder_version=\u00bb4.16&#8243; custom_css_main_element=\u00bbmax-width:150px;||margin:0 auto!important;\u00bb hide_on_mobile=\u00bboff\u00bb global_colors_info=\u00bb{}\u00bb][\/et_pb_divider][et_pb_text _builder_version=\u00bb4.16&#8243; background_layout=\u00bbdark\u00bb custom_margin=\u00bb||10px|\u00bb global_colors_info=\u00bb{}\u00bb]<\/p>\n<h4 style=\"text-align: center;\">Evaluaci\u00f3n personalidad<\/h4>\n<h3 style=\"text-align: center;\">300 \u20ac<\/h3>\n<p>[\/et_pb_text][\/et_pb_column_inner][et_pb_column_inner type=\u00bb1_2&#8243; saved_specialty_column_type=\u00bb1_2&#8243; _builder_version=\u00bb4.16&#8243; background_position=\u00bbtop_left\u00bb custom_padding=\u00bb|||\u00bb global_colors_info=\u00bb{}\u00bb custom_padding__hover=\u00bb|||\u00bb][et_pb_text _builder_version=\u00bb4.16&#8243; background_layout=\u00bbdark\u00bb custom_margin=\u00bb||10px|\u00bb global_colors_info=\u00bb{}\u00bb]<\/p>\n<h4 style=\"text-align: center;\">Orientaci\u00f3n y vocaci\u00f3n profesional<\/h4>\n<h3 style=\"text-align: center;\">200 \u20ac<\/h3>\n<p>[\/et_pb_text][et_pb_divider color=\u00bb#ffffff\u00bb divider_weight=\u00bb3&#8243; _builder_version=\u00bb4.16&#8243; custom_css_main_element=\u00bbmax-width:150px;||margin:0 auto!important;\u00bb hide_on_mobile=\u00bboff\u00bb global_colors_info=\u00bb{}\u00bb][\/et_pb_divider][et_pb_text _builder_version=\u00bb4.16&#8243; background_layout=\u00bbdark\u00bb custom_margin=\u00bb||10px|\u00bb global_colors_info=\u00bb{}\u00bb]<\/p>\n<h4 style=\"text-align: center;\">Informes cl\u00ednicos (evaluaci\u00f3n sin tratamiento)<\/h4>\n<h3 style=\"text-align: center;\">220 \u20ac<\/h3>\n<p>[\/et_pb_text][et_pb_divider color=\u00bb#ffffff\u00bb divider_weight=\u00bb3&#8243; _builder_version=\u00bb4.16&#8243; custom_css_main_element=\u00bbmax-width:150px;||margin:0 auto!important;\u00bb hide_on_mobile=\u00bboff\u00bb global_colors_info=\u00bb{}\u00bb][\/et_pb_divider][et_pb_text _builder_version=\u00bb4.16&#8243; background_layout=\u00bbdark\u00bb custom_margin=\u00bb||10px|\u00bb global_colors_info=\u00bb{}\u00bb]<\/p>\n<h4 style=\"text-align: center;\">Otros Informes<\/h4>\n<h3 style=\"text-align: center;\">Consultar<\/h3>\n<p>[\/et_pb_text][\/et_pb_column_inner][\/et_pb_row_inner][et_pb_row_inner admin_label=\u00bbFila\u00bb _builder_version=\u00bb4.16&#8243; global_colors_info=\u00bb{}\u00bb][et_pb_column_inner saved_specialty_column_type=\u00bb1_2&#8243; _builder_version=\u00bb4.16&#8243; custom_padding=\u00bb|||\u00bb global_colors_info=\u00bb{}\u00bb custom_padding__hover=\u00bb|||\u00bb][et_pb_divider color=\u00bb#ffffff\u00bb divider_weight=\u00bb3&#8243; _builder_version=\u00bb4.16&#8243; custom_css_main_element=\u00bbmax-width:150px;||margin:0 auto!important;\u00bb hide_on_mobile=\u00bboff\u00bb global_colors_info=\u00bb{}\u00bb][\/et_pb_divider][et_pb_text _builder_version=\u00bb4.16&#8243; background_layout=\u00bbdark\u00bb custom_margin=\u00bb||10px|\u00bb global_colors_info=\u00bb{}\u00bb]<\/p>\n<h4 style=\"text-align: center;\">Talleres de formaci\u00f3n<\/h4>\n<h3 style=\"text-align: center;\">Consultar<\/h3>\n<p>[\/et_pb_text][\/et_pb_column_inner][\/et_pb_row_inner][\/et_pb_column][\/et_pb_section][et_pb_section fb_built=\u00bb1&#8243; make_equal=\u00bbon\u00bb use_custom_gutter=\u00bbon\u00bb gutter_width=\u00bb1&#8243; specialty=\u00bbon\u00bb background_color_2=\u00bbrgba(37,91,125,0.5)\u00bb background_repeat_1=\u00bbno-repeat\u00bb background_repeat_2=\u00bbno-repeat\u00bb background_position_1=\u00bbtop_left\u00bb background_position_2=\u00bbtop_left\u00bb padding_top_1=\u00bb65px\u00bb padding_top_2=\u00bb40px\u00bb padding_right_1=\u00bb40px\u00bb padding_right_2=\u00bb20px\u00bb padding_bottom_1=\u00bb40px\u00bb padding_bottom_2=\u00bb40px\u00bb padding_left_1=\u00bb40px\u00bb padding_left_2=\u00bb20px\u00bb custom_css_main_2=\u00bb-webkit-clip-path: polygon(100% 0, 100% 94%, 15% 100%, 0 94%, 0 0);||clip-path: polygon(100% 0, 100% 94%, 15% 100%, 0 94%, 0 0);\u00bb _builder_version=\u00bb4.16&#8243; background_image=\u00bbhttps:\/\/psicologiacolmenar.es\/psicologo\/wp-content\/uploads\/2017\/07\/servicios-psicologicos-tarifas-colmenar-viejo.jpg\u00bb parallax=\u00bbon\u00bb parallax_method=\u00bboff\u00bb custom_padding=\u00bb0px|||\u00bb global_colors_info=\u00bb{}\u00bb][et_pb_column type=\u00bb1_2&#8243; _builder_version=\u00bb4.16&#8243; background_position=\u00bbtop_left\u00bb custom_padding=\u00bb|||\u00bb global_colors_info=\u00bb{}\u00bb custom_padding__hover=\u00bb|||\u00bb][et_pb_text _builder_version=\u00bb4.16&#8243; background_layout=\u00bbdark\u00bb custom_margin=\u00bb||40px|\u00bb global_colors_info=\u00bb{}\u00bb]<\/p>\n<h2 style=\"text-align: center;\">Servicios psicol\u00f3gicos<\/h2>\n<p style=\"text-align: justify;\">Los honorarios referidos siempre hacen menci\u00f3n a la dedicaci\u00f3n del psic\u00f3logo, consider\u00e1ndose aparte otros gastos como los derivados de la intervenci\u00f3n o colaboraci\u00f3n de otros profesionales o los desplazamientos.<\/p>\n<p>[\/et_pb_text][et_pb_text _builder_version=\u00bb4.16&#8243; background_layout=\u00bbdark\u00bb custom_margin=\u00bb||10px|\u00bb global_colors_info=\u00bb{}\u00bb]<\/p>\n<h4 style=\"text-align: center;\">Hora de tiempo con una dedicaci\u00f3n menor a 6 horas semanales<\/h4>\n<h3 style=\"text-align: center;\">40 \u20ac<\/h3>\n<p>[\/et_pb_text][et_pb_divider color=\u00bb#ffffff\u00bb divider_weight=\u00bb3&#8243; _builder_version=\u00bb4.16&#8243; custom_css_main_element=\u00bbmax-width:150px;||margin:0 auto!important;\u00bb hide_on_mobile=\u00bboff\u00bb global_colors_info=\u00bb{}\u00bb][\/et_pb_divider][et_pb_text _builder_version=\u00bb4.16&#8243; background_layout=\u00bbdark\u00bb custom_margin=\u00bb||10px|\u00bb global_colors_info=\u00bb{}\u00bb]<\/p>\n<h4 style=\"text-align: center;\">Hora de tiempo con una dedicaci\u00f3n mayor a 6 horas semanales<\/h4>\n<h3 style=\"text-align: center;\">35 \u20ac<\/h3>\n<p>[\/et_pb_text][\/et_pb_column][et_pb_column type=\u00bb1_2&#8243; specialty_columns=\u00bb2&#8243; _builder_version=\u00bb4.16&#8243; background_color=\u00bbrgba(37,91,125,0.5)\u00bb background_position=\u00bbtop_left\u00bb custom_padding=\u00bb|||\u00bb global_colors_info=\u00bb{}\u00bb custom_padding__hover=\u00bb|||\u00bb][et_pb_row_inner admin_label=\u00bbFila\u00bb _builder_version=\u00bb4.16&#8243; custom_padding=\u00bb||0px|\u00bb global_colors_info=\u00bb{}\u00bb][et_pb_column_inner saved_specialty_column_type=\u00bb1_2&#8243; _builder_version=\u00bb4.16&#8243; background_position=\u00bbtop_left\u00bb custom_padding=\u00bb|||\u00bb global_colors_info=\u00bb{}\u00bb custom_padding__hover=\u00bb|||\u00bb][et_pb_text _builder_version=\u00bb4.16&#8243; background_layout=\u00bbdark\u00bb global_colors_info=\u00bb{}\u00bb]<\/p>\n<h3 style=\"text-align: center;\">Planes de Ajuste Personal y Social para CEE<\/h3>\n<p>[\/et_pb_text][\/et_pb_column_inner][\/et_pb_row_inner][et_pb_row_inner admin_label=\u00bbFila\u00bb _builder_version=\u00bb4.16&#8243; global_colors_info=\u00bb{}\u00bb column_structure=\u00bb1_2,1_2&#8243;][et_pb_column_inner type=\u00bb1_2&#8243; saved_specialty_column_type=\u00bb1_2&#8243; _builder_version=\u00bb4.16&#8243; custom_padding=\u00bb|||\u00bb global_colors_info=\u00bb{}\u00bb custom_padding__hover=\u00bb|||\u00bb][et_pb_text _builder_version=\u00bb4.16&#8243; background_layout=\u00bbdark\u00bb custom_margin=\u00bb||10px|\u00bb global_colors_info=\u00bb{}\u00bb]<\/p>\n<h4 style=\"text-align: center;\">Intervenci\u00f3n individual hasta 50 empleados\u00a0 (20-30 minutos)<\/h4>\n<h3 style=\"text-align: center;\">35 \u20ac<\/h3>\n<p>[\/et_pb_text][et_pb_divider color=\u00bb#ffffff\u00bb divider_weight=\u00bb3&#8243; _builder_version=\u00bb4.16&#8243; custom_css_main_element=\u00bbmax-width:150px;||margin:0 auto!important;\u00bb hide_on_mobile=\u00bboff\u00bb global_colors_info=\u00bb{}\u00bb][\/et_pb_divider][et_pb_text _builder_version=\u00bb4.16&#8243; background_layout=\u00bbdark\u00bb custom_margin=\u00bb||10px|\u00bb global_colors_info=\u00bb{}\u00bb]<\/p>\n<h4 style=\"text-align: center;\">Intervenci\u00f3n individual de 50 a 100 empleados\u00a0 (20-30 minutos)<\/h4>\n<h3 style=\"text-align: center;\">30 \u20ac<\/h3>\n<p>[\/et_pb_text][et_pb_divider color=\u00bb#ffffff\u00bb divider_weight=\u00bb3&#8243; _builder_version=\u00bb4.16&#8243; custom_css_main_element=\u00bbmax-width:150px;||margin:0 auto!important;\u00bb hide_on_mobile=\u00bboff\u00bb global_colors_info=\u00bb{}\u00bb][\/et_pb_divider][et_pb_text _builder_version=\u00bb4.16&#8243; background_layout=\u00bbdark\u00bb custom_margin=\u00bb||10px|\u00bb global_colors_info=\u00bb{}\u00bb]<\/p>\n<h4 style=\"text-align: center;\">Intervenci\u00f3n individual m\u00e1s de 100 empleados\u00a0 (20-30 minutos)<\/h4>\n<h3 style=\"text-align: center;\">25 \u20ac<\/h3>\n<p>[\/et_pb_text][\/et_pb_column_inner][et_pb_column_inner type=\u00bb1_2&#8243; saved_specialty_column_type=\u00bb1_2&#8243; _builder_version=\u00bb4.16&#8243; custom_padding=\u00bb|||\u00bb global_colors_info=\u00bb{}\u00bb custom_padding__hover=\u00bb|||\u00bb][et_pb_text _builder_version=\u00bb4.16&#8243; background_layout=\u00bbdark\u00bb custom_margin=\u00bb||10px|\u00bb global_colors_info=\u00bb{}\u00bb]<\/p>\n<h4 style=\"text-align: center;\">Din\u00e1micas grupales (90-120m) &#8211; (15-20 empleados)<\/h4>\n<h3 style=\"text-align: center;\">350 \u20ac<\/h3>\n<p>[\/et_pb_text][et_pb_divider color=\u00bb#ffffff\u00bb divider_weight=\u00bb3&#8243; _builder_version=\u00bb4.16&#8243; custom_css_main_element=\u00bbmax-width:150px;||margin:0 auto!important;\u00bb hide_on_mobile=\u00bboff\u00bb global_colors_info=\u00bb{}\u00bb][\/et_pb_divider][et_pb_text _builder_version=\u00bb4.16&#8243; background_layout=\u00bbdark\u00bb custom_margin=\u00bb||10px|\u00bb global_colors_info=\u00bb{}\u00bb]<\/p>\n<h4 style=\"text-align: center;\">Acci\u00f3n cultural\/social\u00a0 (15-20 empleados)<\/h4>\n<h3 style=\"text-align: center;\">350 \u20ac<\/h3>\n<p>[\/et_pb_text][et_pb_divider color=\u00bb#ffffff\u00bb divider_weight=\u00bb3&#8243; _builder_version=\u00bb4.16&#8243; custom_css_main_element=\u00bbmax-width:150px;||margin:0 auto!important;\u00bb hide_on_mobile=\u00bboff\u00bb global_colors_info=\u00bb{}\u00bb][\/et_pb_divider][et_pb_text _builder_version=\u00bb4.18.0&#8243; background_layout=\u00bbdark\u00bb custom_margin=\u00bb||10px|\u00bb hover_enabled=\u00bb0&#8243; global_colors_info=\u00bb{}\u00bb sticky_enabled=\u00bb0&#8243;]<\/p>\n<h4 style=\"text-align: center;\">Informe de Memoria Global de SAPS<\/h4>\n<h3 style=\"text-align: center;\">150 \u20ac<\/h3>\n<p>[\/et_pb_text][\/et_pb_column_inner][\/et_pb_row_inner][\/et_pb_column][\/et_pb_section]<\/p>\n","protected":false},"excerpt":{"rendered":"<p>Primera consulta informativa (20&#8242;) GratuitaSesi\u00f3n individual 60 \u20acBono 4 sesiones individuales 220 \u20acSesi\u00f3n ni\u00f1os hasta 12 a\u00f1os 55 \u20acBono 4 sesiones ni\u00f1os hasta 12 a\u00f1os 200 \u20acSesi\u00f3n pareja 75 \u20acBono 4 sesiones pareja 280 \u20acSesi\u00f3n familia hasta 4 miembros 90 \u20acEvaluaciones psicopedag\u00f3gicas Sistema de evaluaci\u00f3nNi\u00f1os y Adolescentes (SENA) 200 \u20acEvaluaci\u00f3n inteligencia 300 \u20acEvaluaci\u00f3n personalidad 300 [&hellip;]<\/p>\n","protected":false},"author":2,"featured_media":0,"parent":0,"menu_order":0,"comment_status":"closed","ping_status":"closed","template":"","meta":{"_et_pb_use_builder":"on","_et_pb_old_content":"<p><strong><u>PESTA\u00d1A TARIFAS<\/u><\/strong><\/p><p><strong><u>\u00a0<\/u><\/strong><\/p><p>Primera consulta informativa (20\u2019)\u00a0\u00a0\u00a0\u00a0\u00a0\u00a0\u00a0\u00a0\u00a0\u00a0\u00a0\u00a0\u00a0\u00a0\u00a0 Gratuita<\/p><p>Sesi\u00f3n individual (50\u2019)\u00a0\u00a0\u00a0\u00a0\u00a0\u00a0\u00a0\u00a0\u00a0\u00a0\u00a0\u00a0\u00a0\u00a0\u00a0\u00a0\u00a0\u00a0\u00a0\u00a0\u00a0\u00a0\u00a0\u00a0\u00a0\u00a0\u00a0\u00a0\u00a0\u00a0\u00a0\u00a0\u00a0\u00a0\u00a0\u00a0\u00a0\u00a0\u00a0\u00a0\u00a0\u00a0\u00a0\u00a0\u00a0 50 \u20ac<\/p><p>Bono 5 sesiones individuales\u00a0\u00a0\u00a0\u00a0\u00a0\u00a0\u00a0\u00a0\u00a0\u00a0\u00a0\u00a0\u00a0\u00a0\u00a0\u00a0\u00a0\u00a0\u00a0\u00a0\u00a0\u00a0\u00a0\u00a0\u00a0 200 \u20ac<\/p><p>Sesi\u00f3n pareja (60\u2019)\u00a0\u00a0\u00a0\u00a0\u00a0\u00a0\u00a0\u00a0\u00a0\u00a0\u00a0\u00a0\u00a0\u00a0\u00a0\u00a0\u00a0\u00a0\u00a0\u00a0\u00a0\u00a0\u00a0\u00a0\u00a0\u00a0\u00a0\u00a0\u00a0\u00a0\u00a0\u00a0\u00a0\u00a0\u00a0\u00a0\u00a0\u00a0\u00a0\u00a0 70 \u20ac<\/p><p>Sesi\u00f3n familia (60\u2019) hasta 4 miembros\u00a0\u00a0\u00a0\u00a0\u00a0\u00a0\u00a0\u00a0\u00a0\u00a0\u00a0\u00a0\u00a0\u00a0\u00a0\u00a0\u00a0\u00a0\u00a0\u00a0\u00a0\u00a0 90 \u20ac<\/p><p>Terapia a domicilio (50\u2019)\u00a0\u00a0\u00a0\u00a0\u00a0\u00a0\u00a0 \u00a0\u00a0\u00a0\u00a0\u00a0\u00a0\u00a0\u00a0\u00a0\u00a0\u00a0\u00a0\u00a0\u00a0\u00a0\u00a0\u00a0\u00a0\u00a0\u00a0\u00a0\u00a0 70 \u20ac<\/p><p>Evaluaciones psicopedag\u00f3gicas:<\/p><p>TDAH-TDA\u00a0\u00a0\u00a0\u00a0\u00a0\u00a0\u00a0\u00a0\u00a0\u00a0\u00a0\u00a0\u00a0\u00a0\u00a0\u00a0\u00a0\u00a0\u00a0\u00a0\u00a0\u00a0\u00a0\u00a0\u00a0\u00a0\u00a0\u00a0\u00a0\u00a0\u00a0\u00a0\u00a0\u00a0\u00a0\u00a0\u00a0\u00a0 450 \u20ac<\/p><p>Coeficiente Intelectual\u00a0\u00a0\u00a0\u00a0\u00a0\u00a0\u00a0\u00a0\u00a0\u00a0\u00a0\u00a0\u00a0\u00a0\u00a0\u00a0\u00a0\u00a0\u00a0\u00a0\u00a0\u00a0\u00a0 300 \u20ac<\/p><p>Trastornos de Espectro Autista\u00a0\u00a0\u00a0\u00a0\u00a0\u00a0\u00a0\u00a0\u00a0\u00a0\u00a0\u00a0\u00a0\u00a0\u00a0\u00a0\u00a0\u00a0\u00a0\u00a0\u00a0\u00a0 350 \u20ac<\/p><p>Dificultades de Leng. y Aprendizaje\u00a0\u00a0 300 \u20ac<\/p><p>Informes cl\u00ednicos (evaluaci\u00f3n sin tratamiento)\u00a0\u00a0\u00a0\u00a0 200 \u20ac<\/p><p>Informes jur\u00eddicos\u00a0\u00a0\u00a0\u00a0\u00a0\u00a0\u00a0\u00a0\u00a0\u00a0\u00a0\u00a0\u00a0\u00a0\u00a0\u00a0\u00a0\u00a0\u00a0\u00a0\u00a0\u00a0\u00a0\u00a0\u00a0\u00a0\u00a0\u00a0\u00a0\u00a0\u00a0\u00a0\u00a0\u00a0\u00a0\u00a0\u00a0\u00a0\u00a0\u00a0\u00a0 A consultar<\/p><p>Talleres de formaci\u00f3n\u00a0\u00a0\u00a0\u00a0\u00a0\u00a0\u00a0\u00a0\u00a0\u00a0\u00a0\u00a0\u00a0\u00a0\u00a0\u00a0\u00a0\u00a0\u00a0\u00a0\u00a0\u00a0\u00a0\u00a0\u00a0\u00a0\u00a0\u00a0\u00a0\u00a0\u00a0\u00a0\u00a0\u00a0\u00a0 A consultar<\/p><p><strong><u>Servicios psicol\u00f3gicos:<\/u><\/strong><\/p><p>Los honorarios referidos siempre hacen menci\u00f3n a la dedicaci\u00f3n del psic\u00f3logo, consider\u00e1ndose aparte otros gastos como los derivados de la intervenci\u00f3n o colaboraci\u00f3n de otros profesionales o los desplazamientos.<\/p><p>Hora de tiempo con una dedicaci\u00f3n menor a 6 horas semanales \u00a0\u00a0\u00a0\u00a0\u00a0\u00a0 \u00a0\u00a0\u00a0\u00a0\u00a0\u00a0\u00a0\u00a0\u00a0\u00a0\u00a0 \u00a0\u00a0\u00a0\u00a0\u00a0\u00a0\u00a0\u00a0\u00a0\u00a0\u00a0 35 \u20ac<\/p><p>Hora de tiempo con una dedicaci\u00f3n mayor a 6 horas semanales\u00a0\u00a0\u00a0\u00a0\u00a0\u00a0\u00a0\u00a0\u00a0\u00a0\u00a0\u00a0\u00a0\u00a0\u00a0\u00a0\u00a0\u00a0 \u00a0\u00a0\u00a0\u00a0\u00a0\u00a0\u00a0\u00a0\u00a0\u00a0\u00a0 30 \u20ac<\/p><p><strong><u>Planes de Ajuste Personal y Social para CEE:<\/u><\/strong><\/p><p>Intervenci\u00f3n individual hasta 50 empleados\u00a0 (20-30 minutos)\u00a0\u00a0\u00a0\u00a0\u00a0\u00a0\u00a0\u00a0\u00a0\u00a0\u00a0\u00a0\u00a0\u00a0\u00a0\u00a0\u00a0\u00a0\u00a0\u00a0\u00a0\u00a0\u00a0\u00a0\u00a0\u00a0\u00a0\u00a0\u00a0\u00a0\u00a0\u00a0\u00a0 30 \u20ac<\/p><p>Intervenci\u00f3n individual de 50 a 100 empleados\u00a0 (20-30 minutos)\u00a0\u00a0\u00a0\u00a0 \u00a0\u00a0\u00a0\u00a0\u00a0\u00a0\u00a0\u00a0\u00a0\u00a0\u00a0\u00a0\u00a0\u00a0\u00a0\u00a0\u00a0\u00a0\u00a0\u00a0\u00a0\u00a0 25 \u20ac<\/p><p>Intervenci\u00f3n individual m\u00e1s de 100 empleados\u00a0 (20-30 minutos)\u00a0\u00a0\u00a0\u00a0 \u00a0\u00a0\u00a0\u00a0\u00a0\u00a0\u00a0\u00a0\u00a0\u00a0\u00a0\u00a0\u00a0\u00a0\u00a0\u00a0\u00a0\u00a0\u00a0\u00a0\u00a0\u00a0 20 \u20ac<\/p><p>Din\u00e1micas grupales (90-120m)\u00a0\u00a0\u00a0\u00a0\u00a0\u00a0\u00a0\u00a0\u00a0 (15-20 empleados)\u00a0\u00a0\u00a0\u00a0 \u00a0\u00a0\u00a0\u00a0\u00a0\u00a0\u00a0\u00a0\u00a0\u00a0\u00a0\u00a0\u00a0\u00a0\u00a0\u00a0\u00a0\u00a0\u00a0\u00a0\u00a0\u00a0\u00a0\u00a0\u00a0\u00a0\u00a0\u00a0\u00a0\u00a0\u00a0\u00a0\u00a0\u00a0 300 \u20ac<\/p><p>Acci\u00f3n cultural\/social\u00a0 (15-20 empleados)\u00a0\u00a0\u00a0\u00a0\u00a0\u00a0\u00a0\u00a0\u00a0\u00a0\u00a0\u00a0\u00a0\u00a0\u00a0\u00a0 \u00a0\u00a0\u00a0\u00a0\u00a0\u00a0\u00a0\u00a0\u00a0\u00a0\u00a0\u00a0\u00a0\u00a0\u00a0\u00a0\u00a0\u00a0\u00a0\u00a0\u00a0\u00a0\u00a0\u00a0\u00a0\u00a0\u00a0\u00a0\u00a0\u00a0\u00a0\u00a0\u00a0\u00a0 300 \u20ac<\/p><p>Informe de Memoria Global de SAPS\u00a0\u00a0\u00a0\u00a0\u00a0\u00a0\u00a0\u00a0\u00a0\u00a0\u00a0\u00a0\u00a0\u00a0\u00a0\u00a0\u00a0\u00a0\u00a0\u00a0\u00a0\u00a0\u00a0\u00a0\u00a0\u00a0\u00a0\u00a0\u00a0\u00a0\u00a0\u00a0\u00a0\u00a0\u00a0\u00a0\u00a0\u00a0\u00a0\u00a0\u00a0\u00a0\u00a0\u00a0\u00a0\u00a0\u00a0\u00a0\u00a0\u00a0\u00a0\u00a0\u00a0\u00a0\u00a0\u00a0\u00a0\u00a0 100 \u20ac<\/p>","_et_gb_content_width":"","footnotes":""},"class_list":["post-46","page","type-page","status-publish","hentry"],"yoast_head":"<!-- This site is optimized with the Yoast SEO Premium plugin v19.2.1 (Yoast SEO v27.5) - https:\/\/yoast.com\/product\/yoast-seo-premium-wordpress\/ -->\n<title>Tarifas Precio psicologo en Colmenar gabinete de psicolog\u00eda Colmenar viejo Madrid - Psicologos en Colmenar Viejo Madrid<\/title>\n<meta name=\"robots\" content=\"index, follow, max-snippet:-1, max-image-preview:large, max-video-preview:-1\" \/>\n<link rel=\"canonical\" href=\"https:\/\/www.psicologiacolmenar.es\/psicologo\/tarifas-precio-psicologo-en-colmenar-gabinete-de-psicologia-colmenar-viejo-madrid\/\" \/>\n<meta property=\"og:locale\" content=\"es_ES\" \/>\n<meta property=\"og:type\" content=\"article\" \/>\n<meta property=\"og:title\" content=\"Tarifas Precio psicologo en Colmenar gabinete de psicolog\u00eda Colmenar viejo Madrid\" \/>\n<meta property=\"og:url\" content=\"https:\/\/www.psicologiacolmenar.es\/psicologo\/tarifas-precio-psicologo-en-colmenar-gabinete-de-psicologia-colmenar-viejo-madrid\/\" \/>\n<meta property=\"og:site_name\" content=\"Psicologos en Colmenar Viejo Madrid\" \/>\n<meta property=\"article:publisher\" content=\"https:\/\/www.facebook.com\/psicologocolmenar\/\" \/>\n<meta property=\"article:modified_time\" content=\"2022-11-25T08:55:52+00:00\" \/>\n<meta name=\"twitter:card\" content=\"summary_large_image\" \/>\n<meta name=\"twitter:site\" content=\"@jmsanmartinps1\" \/>\n<meta name=\"twitter:label1\" content=\"Tiempo de lectura\" \/>\n\t<meta name=\"twitter:data1\" content=\"9 minutos\" \/>\n<script type=\"application\/ld+json\" class=\"yoast-schema-graph\">{\"@context\":\"https:\\\/\\\/schema.org\",\"@graph\":[{\"@type\":\"WebPage\",\"@id\":\"https:\\\/\\\/www.psicologiacolmenar.es\\\/psicologo\\\/tarifas-precio-psicologo-en-colmenar-gabinete-de-psicologia-colmenar-viejo-madrid\\\/\",\"url\":\"https:\\\/\\\/www.psicologiacolmenar.es\\\/psicologo\\\/tarifas-precio-psicologo-en-colmenar-gabinete-de-psicologia-colmenar-viejo-madrid\\\/\",\"name\":\"Tarifas Precio psicologo en Colmenar gabinete de psicolog\u00eda Colmenar viejo Madrid - Psicologos en Colmenar Viejo Madrid\",\"isPartOf\":{\"@id\":\"https:\\\/\\\/www.psicologiacolmenar.es\\\/psicologo\\\/#website\"},\"datePublished\":\"2017-07-24T08:59:04+00:00\",\"dateModified\":\"2022-11-25T08:55:52+00:00\",\"breadcrumb\":{\"@id\":\"https:\\\/\\\/www.psicologiacolmenar.es\\\/psicologo\\\/tarifas-precio-psicologo-en-colmenar-gabinete-de-psicologia-colmenar-viejo-madrid\\\/#breadcrumb\"},\"inLanguage\":\"es\",\"potentialAction\":[{\"@type\":\"ReadAction\",\"target\":[\"https:\\\/\\\/www.psicologiacolmenar.es\\\/psicologo\\\/tarifas-precio-psicologo-en-colmenar-gabinete-de-psicologia-colmenar-viejo-madrid\\\/\"]}]},{\"@type\":\"BreadcrumbList\",\"@id\":\"https:\\\/\\\/www.psicologiacolmenar.es\\\/psicologo\\\/tarifas-precio-psicologo-en-colmenar-gabinete-de-psicologia-colmenar-viejo-madrid\\\/#breadcrumb\",\"itemListElement\":[{\"@type\":\"ListItem\",\"position\":1,\"name\":\"Portada\",\"item\":\"https:\\\/\\\/www.psicologiacolmenar.es\\\/psicologo\\\/\"},{\"@type\":\"ListItem\",\"position\":2,\"name\":\"Tarifas Precio psicologo en Colmenar gabinete de psicolog\u00eda Colmenar viejo Madrid\"}]},{\"@type\":\"WebSite\",\"@id\":\"https:\\\/\\\/www.psicologiacolmenar.es\\\/psicologo\\\/#website\",\"url\":\"https:\\\/\\\/www.psicologiacolmenar.es\\\/psicologo\\\/\",\"name\":\"Psicologos en Colmenar Viejo Madrid\",\"description\":\"Gabinete de psicologos y Centro de psicolog\u00eda en Colmenar Viejo\",\"potentialAction\":[{\"@type\":\"SearchAction\",\"target\":{\"@type\":\"EntryPoint\",\"urlTemplate\":\"https:\\\/\\\/www.psicologiacolmenar.es\\\/psicologo\\\/?s={search_term_string}\"},\"query-input\":{\"@type\":\"PropertyValueSpecification\",\"valueRequired\":true,\"valueName\":\"search_term_string\"}}],\"inLanguage\":\"es\"}]}<\/script>\n<!-- \/ Yoast SEO Premium plugin. -->","yoast_head_json":{"title":"Tarifas Precio psicologo en Colmenar gabinete de psicolog\u00eda Colmenar viejo Madrid - Psicologos en Colmenar Viejo Madrid","robots":{"index":"index","follow":"follow","max-snippet":"max-snippet:-1","max-image-preview":"max-image-preview:large","max-video-preview":"max-video-preview:-1"},"canonical":"https:\/\/www.psicologiacolmenar.es\/psicologo\/tarifas-precio-psicologo-en-colmenar-gabinete-de-psicologia-colmenar-viejo-madrid\/","og_locale":"es_ES","og_type":"article","og_title":"Tarifas Precio psicologo en Colmenar gabinete de psicolog\u00eda Colmenar viejo Madrid","og_url":"https:\/\/www.psicologiacolmenar.es\/psicologo\/tarifas-precio-psicologo-en-colmenar-gabinete-de-psicologia-colmenar-viejo-madrid\/","og_site_name":"Psicologos en Colmenar Viejo Madrid","article_publisher":"https:\/\/www.facebook.com\/psicologocolmenar\/","article_modified_time":"2022-11-25T08:55:52+00:00","twitter_card":"summary_large_image","twitter_site":"@jmsanmartinps1","twitter_misc":{"Tiempo de lectura":"9 minutos"},"schema":{"@context":"https:\/\/schema.org","@graph":[{"@type":"WebPage","@id":"https:\/\/www.psicologiacolmenar.es\/psicologo\/tarifas-precio-psicologo-en-colmenar-gabinete-de-psicologia-colmenar-viejo-madrid\/","url":"https:\/\/www.psicologiacolmenar.es\/psicologo\/tarifas-precio-psicologo-en-colmenar-gabinete-de-psicologia-colmenar-viejo-madrid\/","name":"Tarifas Precio psicologo en Colmenar gabinete de psicolog\u00eda Colmenar viejo Madrid - Psicologos en Colmenar Viejo Madrid","isPartOf":{"@id":"https:\/\/www.psicologiacolmenar.es\/psicologo\/#website"},"datePublished":"2017-07-24T08:59:04+00:00","dateModified":"2022-11-25T08:55:52+00:00","breadcrumb":{"@id":"https:\/\/www.psicologiacolmenar.es\/psicologo\/tarifas-precio-psicologo-en-colmenar-gabinete-de-psicologia-colmenar-viejo-madrid\/#breadcrumb"},"inLanguage":"es","potentialAction":[{"@type":"ReadAction","target":["https:\/\/www.psicologiacolmenar.es\/psicologo\/tarifas-precio-psicologo-en-colmenar-gabinete-de-psicologia-colmenar-viejo-madrid\/"]}]},{"@type":"BreadcrumbList","@id":"https:\/\/www.psicologiacolmenar.es\/psicologo\/tarifas-precio-psicologo-en-colmenar-gabinete-de-psicologia-colmenar-viejo-madrid\/#breadcrumb","itemListElement":[{"@type":"ListItem","position":1,"name":"Portada","item":"https:\/\/www.psicologiacolmenar.es\/psicologo\/"},{"@type":"ListItem","position":2,"name":"Tarifas Precio psicologo en Colmenar gabinete de psicolog\u00eda Colmenar viejo Madrid"}]},{"@type":"WebSite","@id":"https:\/\/www.psicologiacolmenar.es\/psicologo\/#website","url":"https:\/\/www.psicologiacolmenar.es\/psicologo\/","name":"Psicologos en Colmenar Viejo Madrid","description":"Gabinete de psicologos y Centro de psicolog\u00eda en Colmenar Viejo","potentialAction":[{"@type":"SearchAction","target":{"@type":"EntryPoint","urlTemplate":"https:\/\/www.psicologiacolmenar.es\/psicologo\/?s={search_term_string}"},"query-input":{"@type":"PropertyValueSpecification","valueRequired":true,"valueName":"search_term_string"}}],"inLanguage":"es"}]}},"_links":{"self":[{"href":"https:\/\/www.psicologiacolmenar.es\/psicologo\/wp-json\/wp\/v2\/pages\/46","targetHints":{"allow":["GET"]}}],"collection":[{"href":"https:\/\/www.psicologiacolmenar.es\/psicologo\/wp-json\/wp\/v2\/pages"}],"about":[{"href":"https:\/\/www.psicologiacolmenar.es\/psicologo\/wp-json\/wp\/v2\/types\/page"}],"author":[{"embeddable":true,"href":"https:\/\/www.psicologiacolmenar.es\/psicologo\/wp-json\/wp\/v2\/users\/2"}],"replies":[{"embeddable":true,"href":"https:\/\/www.psicologiacolmenar.es\/psicologo\/wp-json\/wp\/v2\/comments?post=46"}],"version-history":[{"count":5,"href":"https:\/\/www.psicologiacolmenar.es\/psicologo\/wp-json\/wp\/v2\/pages\/46\/revisions"}],"predecessor-version":[{"id":1467,"href":"https:\/\/www.psicologiacolmenar.es\/psicologo\/wp-json\/wp\/v2\/pages\/46\/revisions\/1467"}],"wp:attachment":[{"href":"https:\/\/www.psicologiacolmenar.es\/psicologo\/wp-json\/wp\/v2\/media?parent=46"}],"curies":[{"name":"wp","href":"https:\/\/api.w.org\/{rel}","templated":true}]}}